{"id":241,"date":"2022-11-20T17:04:46","date_gmt":"2022-11-20T16:04:46","guid":{"rendered":"http:\/\/ventsdugrimont.com\/?page_id=241"},"modified":"2026-01-08T17:17:49","modified_gmt":"2026-01-08T16:17:49","slug":"page-a-propos","status":"publish","type":"page","link":"https:\/\/ventsdugrimont.com\/index.php\/page-a-propos\/","title":{"rendered":"A propos&#8230;"},"content":{"rendered":"\t\t<div data-elementor-type=\"wp-page\" data-elementor-id=\"241\" class=\"elementor elementor-241\">\n\t\t\t\t\t\t<section class=\"elementor-section elementor-top-section elementor-element elementor-element-18350b1 elementor-section-boxed elementor-section-height-default elementor-section-height-default\" data-id=\"18350b1\" data-element_type=\"section\">\n\t\t\t\t\t\t<div class=\"elementor-container elementor-column-gap-default\">\n\t\t\t\t\t<div class=\"elementor-column elementor-col-100 elementor-top-column elementor-element elementor-element-b4c21d3\" data-id=\"b4c21d3\" data-element_type=\"column\">\n\t\t\t<div class=\"elementor-widget-wrap elementor-element-populated\">\n\t\t\t\t\t\t<div class=\"elementor-element elementor-element-194a62b elementor-widget elementor-widget-heading\" data-id=\"194a62b\" data-element_type=\"widget\" data-widget_type=\"heading.default\">\n\t\t\t\t<div class=\"elementor-widget-container\">\n\t\t\t\t\t<h2 class=\"elementor-heading-title elementor-size-default\">Qui sommes-nous ?<\/h2>\t\t\t\t<\/div>\n\t\t\t\t<\/div>\n\t\t\t\t\t<\/div>\n\t\t<\/div>\n\t\t\t\t\t<\/div>\n\t\t<\/section>\n\t\t\t\t<section class=\"elementor-section elementor-top-section elementor-element elementor-element-dabd09b elementor-section-boxed elementor-section-height-default elementor-section-height-default\" data-id=\"dabd09b\" data-element_type=\"section\">\n\t\t\t\t\t\t<div class=\"elementor-container elementor-column-gap-default\">\n\t\t\t\t\t<div class=\"elementor-column elementor-col-100 elementor-top-column elementor-element elementor-element-a1aba01\" data-id=\"a1aba01\" data-element_type=\"column\">\n\t\t\t<div class=\"elementor-widget-wrap elementor-element-populated\">\n\t\t\t\t\t\t<div class=\"elementor-element elementor-element-a57d99e elementor-widget elementor-widget-text-editor\" data-id=\"a57d99e\" data-element_type=\"widget\" data-widget_type=\"text-editor.default\">\n\t\t\t\t<div class=\"elementor-widget-container\">\n\t\t\t\t\t\t\t\t\t<h3><strong>Les origines de Vents du Grimont<br \/><\/strong><\/h3><p>Vents du Grimont est une association loi 1901 cr\u00e9\u00e9e le 20 octobre 2011 suite aux r\u00e9flexions men\u00e9es par un groupe de citoyens et d&rsquo;\u00e9lus sur le cofinancement local du projet de parc \u00e9olien sur la commune de Chamole.<\/p><p>La situation en 2010 du seul parc \u00e9olien de la R\u00e9gion Franche-Comt\u00e9, acquis par un fonds de pension australien apr\u00e8s r\u00e9alisation, sans aucune retomb\u00e9e financi\u00e8re locale, a\u00a0 motiv\u00e9 les premi\u00e8res r\u00e9flexions.<\/p><p>La d\u00e9couverte du travail de pionniers en mati\u00e8re de financement social et solidaire (Energie Partag\u00e9e, Eolienne en Pays de Villaine, Vent d\u2019Houyet, etc.) nous a accompagn\u00e9s tout au long de ces ann\u00e9es.<\/p><p>L&rsquo;histoire de l&rsquo;association est donc intimement li\u00e9e aux \u00e9tapes du d\u00e9veloppement du parc \u00e9olien de Chamole.<\/p><h3><strong>Les objectifs de Vents du Grimont<br \/><\/strong><\/h3><p>Les objectifs de Vents du Grimont tels qu&rsquo;ils sont d\u00e9finis dans les statuts de l\u2019association :<\/p><ul><li>Contribuer, par tous moyens, au d\u00e9veloppement de la production d\u2019\u00e9nergies renouvelables dans le respect des populations, des \u00e9quilibres \u00e9cologiques, et de la pr\u00e9servation des ressources naturelles<\/li><li>Contribuer \u00e0 la gestion de structures locales travaillant \u00e0 favoriser les \u00e9nergies renouvelables et les \u00e9conomies d\u2019\u00e9nergie.<\/li><li>Contribuer au d\u00e9veloppement de politiques d&rsquo;\u00e9nergie citoyenne en collaboration avec les collectivit\u00e9s territoriales, les associations de citoyens et les acteurs de l\u2019\u00e9nergie.<\/li><li>Contribuer \u00e0 la sensibilisation et \u00e0 la promotion des \u00e9conomies d\u2019\u00e9nergie.<\/li><li>Contribuer au d\u00e9veloppement d\u2019activit\u00e9s dans le cadre de l\u2019\u00e9conomie sociale et solidaire dans la perspective d\u2019un d\u00e9veloppement soutenable.<\/li><\/ul><p>Vents du Grimont s\u2019inscrit ainsi dans une d\u00e9marche de transition \u00e9nerg\u00e9tique en promouvant \u00e0 la fois les \u00e9conomies d\u2019\u00e9nergie, le d\u00e9veloppement des \u00e9nergies renouvelables et l\u2019\u00e9conomie sociale et solidaire.<\/p><p>La poursuite de ces objectifs nous a amen\u00e9 \u00e0 cr\u00e9er en partenariat avec les collectivit\u00e9s locales une soci\u00e9t\u00e9 d\u2019\u00e9conomie mixte : <strong>la<\/strong> <strong>SEM Energies Renouvelables Citoyenne <\/strong>(d\u00e9tenue par le SIDEC du Jura le SYDED du Doubs, le Cr\u00e9dit Agricole de Franche-Comt\u00e9, la r\u00e9gion Bourgogne-Franche-Comt\u00e9 et des structures citoyennes) et\u00a0 <strong>la coop\u00e9rative JURASCIC<\/strong>, charg\u00e9e de collecter les fonds des citoyens et\u00a0 permettre \u00e0 650 coop\u00e9rateurs, citoyens, entreprises, collectivit\u00e9s d&rsquo;acqu\u00e9rir une des six \u00e9oliennes du parc de Chamole.<\/p><p>Apr\u00e8s s&rsquo;\u00eatre concentr\u00e9 sur la participation des citoyens au financement\u00a0 d\u2019un parc \u00e9olien sur le territoire de la commune de Chamole, Vents du Grimont continue \u00e0 promouvoir le financement citoyen des projets d&rsquo;\u00e9nergie renouvelable.<\/p><p>Il est d\u00e9montr\u00e9 que la participation des citoyens au financement d\u2019un projet de production d\u2019\u00e9lectricit\u00e9 \u00e0 partir d\u2019\u00e9nergie renouvelable, les citoyens devenant producteurs de l\u2019\u00e9lectricit\u00e9 qu\u2019ils consomment, am\u00e8ne ces citoyens \u00e0 r\u00e9fl\u00e9chir sur leur mode de consommation et favorise\u00a0 ainsi les \u00e9conomies d\u2019\u00e9nergies.<\/p><p>D\u2019autres projets EnR b\u00e9n\u00e9ficient maintenant des structures de financement et de d\u00e9veloppement mises en place \u00e0 l&rsquo;occasion du projet \u00e9olien de Chamole. Avec la coop\u00e9rative<a href=\"https:\/\/jurascic.com\/\" target=\"_blank\" rel=\"noopener\"> JURASCIC<\/a> et la <a href=\"http:\/\/www.sem-enr.fr\/\" target=\"_blank\" rel=\"noopener\">SEM Energies Renouvelables Citoyenne<\/a> ,les collectivit\u00e9s locales et les citoyens ont \u00e0 leur disposition des outils leur permettant d\u2019envisager la ma\u00eetrise du d\u00e9veloppement des projets EnR sur leur territoire.<\/p><p>Les retomb\u00e9es fiscales profitent directement \u00e0 la commune de Chamole, \u00e0 l&rsquo;intercommunalit\u00e9 et au D\u00e9partement du Jura.<\/p><p>C&rsquo;est donc l&rsquo;ensemble du territoire qui b\u00e9n\u00e9ficie de ces retomb\u00e9es pour son am\u00e9nagement, pour aider aux \u00e9conomies d\u2019\u00e9nergie,\u00a0 participer \u00e0 la lutte contre la pr\u00e9carit\u00e9 \u00e9nerg\u00e9tique, promouvoir les \u00e9nergies renouvelables&#8230;<\/p><p>Les retomb\u00e9es financi\u00e8res g\u00e9n\u00e9r\u00e9es par la vente de l&rsquo;\u00e9lectricit\u00e9 reviennent aux propri\u00e9taires des \u00e9oliennes et en particulier pour l&rsquo;\u00e9olienne citoyenne, aux citoyens et collectivit\u00e9s qui ont investi dans la production d&rsquo;\u00e9nergie renouvelable locale.<\/p><p>Au del\u00e0 des retomb\u00e9es fiscales et financi\u00e8res ce projet reste une formidable aventure humaine qui a mobilis\u00e9 des centaines de personnes et qui se poursuit \u00e0 travers les activit\u00e9s de <strong>Vents du Grimont<\/strong>, de<strong> Jurascic<\/strong> et de la <strong>SEM Energies Renouvelables Citoyenne<\/strong>.<\/p><p><img fetchpriority=\"high\" decoding=\"async\" class=\"alignnone wp-image-457 size-full\" src=\"https:\/\/ventsdugrimont.com\/wp-content\/uploads\/2025\/01\/Pique-nique-eolienne-citoyenne-08-07-2017-\u00a9Vents-du-Grimont-scaled-e1767796015576.jpg\" alt=\"\" width=\"2560\" height=\"977\" srcset=\"https:\/\/ventsdugrimont.com\/wp-content\/uploads\/2025\/01\/Pique-nique-eolienne-citoyenne-08-07-2017-\u00a9Vents-du-Grimont-scaled-e1767796015576.jpg 2560w, https:\/\/ventsdugrimont.com\/wp-content\/uploads\/2025\/01\/Pique-nique-eolienne-citoyenne-08-07-2017-\u00a9Vents-du-Grimont-scaled-e1767796015576-300x114.jpg 300w, https:\/\/ventsdugrimont.com\/wp-content\/uploads\/2025\/01\/Pique-nique-eolienne-citoyenne-08-07-2017-\u00a9Vents-du-Grimont-scaled-e1767796015576-1024x391.jpg 1024w, https:\/\/ventsdugrimont.com\/wp-content\/uploads\/2025\/01\/Pique-nique-eolienne-citoyenne-08-07-2017-\u00a9Vents-du-Grimont-scaled-e1767796015576-768x293.jpg 768w, https:\/\/ventsdugrimont.com\/wp-content\/uploads\/2025\/01\/Pique-nique-eolienne-citoyenne-08-07-2017-\u00a9Vents-du-Grimont-scaled-e1767796015576-1536x586.jpg 1536w, https:\/\/ventsdugrimont.com\/wp-content\/uploads\/2025\/01\/Pique-nique-eolienne-citoyenne-08-07-2017-\u00a9Vents-du-Grimont-scaled-e1767796015576-2048x782.jpg 2048w\" sizes=\"(max-width: 2560px) 100vw, 2560px\" \/><\/p>\t\t\t\t\t\t\t\t<\/div>\n\t\t\t\t<\/div>\n\t\t\t\t\t<\/div>\n\t\t<\/div>\n\t\t\t\t\t<\/div>\n\t\t<\/section>\n\t\t\t\t<\/div>\n\t\t","protected":false},"excerpt":{"rendered":"<p>Qui sommes-nous ? Les origines de Vents du Grimont Vents du Grimont est une association loi 1901 cr\u00e9\u00e9e le 20 octobre 2011 suite aux r\u00e9flexions men\u00e9es par un groupe de citoyens et d&rsquo;\u00e9lus sur le cofinancement local du projet de parc \u00e9olien sur la commune de Chamole. La situation en 2010 du seul parc \u00e9olien [&hellip;]<\/p>\n","protected":false},"author":1,"featured_media":0,"parent":0,"menu_order":0,"comment_status":"closed","ping_status":"closed","template":"","meta":{"footnotes":""},"folder":[],"class_list":["post-241","page","type-page","status-publish","hentry"],"yoast_head":"<!-- This site is optimized with the Yoast SEO plugin v24.3 - https:\/\/yoast.com\/wordpress\/plugins\/seo\/ -->\n<title>A propos... - VENTS DU GRIMONT<\/title>\n<meta name=\"robots\" content=\"index, follow, max-snippet:-1, max-image-preview:large, max-video-preview:-1\" \/>\n<link rel=\"canonical\" href=\"https:\/\/ventsdugrimont.com\/index.php\/page-a-propos\/\" \/>\n<meta property=\"og:locale\" content=\"fr_FR\" \/>\n<meta property=\"og:type\" content=\"article\" \/>\n<meta property=\"og:title\" content=\"A propos... - VENTS DU GRIMONT\" \/>\n<meta property=\"og:description\" content=\"Qui sommes-nous ? Les origines de Vents du Grimont Vents du Grimont est une association loi 1901 cr\u00e9\u00e9e le 20 octobre 2011 suite aux r\u00e9flexions men\u00e9es par un groupe de citoyens et d&rsquo;\u00e9lus sur le cofinancement local du projet de parc \u00e9olien sur la commune de Chamole. La situation en 2010 du seul parc \u00e9olien [&hellip;]\" \/>\n<meta property=\"og:url\" content=\"https:\/\/ventsdugrimont.com\/index.php\/page-a-propos\/\" \/>\n<meta property=\"og:site_name\" content=\"VENTS DU GRIMONT\" \/>\n<meta property=\"article:modified_time\" content=\"2026-01-08T16:17:49+00:00\" \/>\n<meta name=\"twitter:card\" content=\"summary_large_image\" \/>\n<meta name=\"twitter:label1\" content=\"Dur\u00e9e de lecture estim\u00e9e\" \/>\n\t<meta name=\"twitter:data1\" content=\"4 minutes\" \/>\n<script type=\"application\/ld+json\" class=\"yoast-schema-graph\">{\"@context\":\"https:\/\/schema.org\",\"@graph\":[{\"@type\":\"WebPage\",\"@id\":\"https:\/\/ventsdugrimont.com\/index.php\/page-a-propos\/\",\"url\":\"https:\/\/ventsdugrimont.com\/index.php\/page-a-propos\/\",\"name\":\"A propos... - VENTS DU GRIMONT\",\"isPartOf\":{\"@id\":\"https:\/\/ventsdugrimont.com\/#website\"},\"datePublished\":\"2022-11-20T16:04:46+00:00\",\"dateModified\":\"2026-01-08T16:17:49+00:00\",\"breadcrumb\":{\"@id\":\"https:\/\/ventsdugrimont.com\/index.php\/page-a-propos\/#breadcrumb\"},\"inLanguage\":\"fr-FR\",\"potentialAction\":[{\"@type\":\"ReadAction\",\"target\":[\"https:\/\/ventsdugrimont.com\/index.php\/page-a-propos\/\"]}]},{\"@type\":\"BreadcrumbList\",\"@id\":\"https:\/\/ventsdugrimont.com\/index.php\/page-a-propos\/#breadcrumb\",\"itemListElement\":[{\"@type\":\"ListItem\",\"position\":1,\"name\":\"Accueil\",\"item\":\"https:\/\/ventsdugrimont.com\/\"},{\"@type\":\"ListItem\",\"position\":2,\"name\":\"A propos&#8230;\"}]},{\"@type\":\"WebSite\",\"@id\":\"https:\/\/ventsdugrimont.com\/#website\",\"url\":\"https:\/\/ventsdugrimont.com\/\",\"name\":\"VENTS DU GRIMONT\",\"description\":\"Energies Renouvelables Citoyennes\",\"publisher\":{\"@id\":\"https:\/\/ventsdugrimont.com\/#organization\"},\"potentialAction\":[{\"@type\":\"SearchAction\",\"target\":{\"@type\":\"EntryPoint\",\"urlTemplate\":\"https:\/\/ventsdugrimont.com\/?s={search_term_string}\"},\"query-input\":{\"@type\":\"PropertyValueSpecification\",\"valueRequired\":true,\"valueName\":\"search_term_string\"}}],\"inLanguage\":\"fr-FR\"},{\"@type\":\"Organization\",\"@id\":\"https:\/\/ventsdugrimont.com\/#organization\",\"name\":\"Vents du Grimont\",\"url\":\"https:\/\/ventsdugrimont.com\/\",\"logo\":{\"@type\":\"ImageObject\",\"inLanguage\":\"fr-FR\",\"@id\":\"https:\/\/ventsdugrimont.com\/#\/schema\/logo\/image\/\",\"url\":\"http:\/\/ventsdugrimont.com\/wp-content\/uploads\/2022\/06\/vents-grimont.png\",\"contentUrl\":\"http:\/\/ventsdugrimont.com\/wp-content\/uploads\/2022\/06\/vents-grimont.png\",\"width\":143,\"height\":140,\"caption\":\"Vents du Grimont\"},\"image\":{\"@id\":\"https:\/\/ventsdugrimont.com\/#\/schema\/logo\/image\/\"}}]}<\/script>\n<!-- \/ Yoast SEO plugin. -->","yoast_head_json":{"title":"A propos... - VENTS DU GRIMONT","robots":{"index":"index","follow":"follow","max-snippet":"max-snippet:-1","max-image-preview":"max-image-preview:large","max-video-preview":"max-video-preview:-1"},"canonical":"https:\/\/ventsdugrimont.com\/index.php\/page-a-propos\/","og_locale":"fr_FR","og_type":"article","og_title":"A propos... - VENTS DU GRIMONT","og_description":"Qui sommes-nous ? Les origines de Vents du Grimont Vents du Grimont est une association loi 1901 cr\u00e9\u00e9e le 20 octobre 2011 suite aux r\u00e9flexions men\u00e9es par un groupe de citoyens et d&rsquo;\u00e9lus sur le cofinancement local du projet de parc \u00e9olien sur la commune de Chamole. La situation en 2010 du seul parc \u00e9olien [&hellip;]","og_url":"https:\/\/ventsdugrimont.com\/index.php\/page-a-propos\/","og_site_name":"VENTS DU GRIMONT","article_modified_time":"2026-01-08T16:17:49+00:00","twitter_card":"summary_large_image","twitter_misc":{"Dur\u00e9e de lecture estim\u00e9e":"4 minutes"},"schema":{"@context":"https:\/\/schema.org","@graph":[{"@type":"WebPage","@id":"https:\/\/ventsdugrimont.com\/index.php\/page-a-propos\/","url":"https:\/\/ventsdugrimont.com\/index.php\/page-a-propos\/","name":"A propos... - VENTS DU GRIMONT","isPartOf":{"@id":"https:\/\/ventsdugrimont.com\/#website"},"datePublished":"2022-11-20T16:04:46+00:00","dateModified":"2026-01-08T16:17:49+00:00","breadcrumb":{"@id":"https:\/\/ventsdugrimont.com\/index.php\/page-a-propos\/#breadcrumb"},"inLanguage":"fr-FR","potentialAction":[{"@type":"ReadAction","target":["https:\/\/ventsdugrimont.com\/index.php\/page-a-propos\/"]}]},{"@type":"BreadcrumbList","@id":"https:\/\/ventsdugrimont.com\/index.php\/page-a-propos\/#breadcrumb","itemListElement":[{"@type":"ListItem","position":1,"name":"Accueil","item":"https:\/\/ventsdugrimont.com\/"},{"@type":"ListItem","position":2,"name":"A propos&#8230;"}]},{"@type":"WebSite","@id":"https:\/\/ventsdugrimont.com\/#website","url":"https:\/\/ventsdugrimont.com\/","name":"VENTS DU GRIMONT","description":"Energies Renouvelables Citoyennes","publisher":{"@id":"https:\/\/ventsdugrimont.com\/#organization"},"potentialAction":[{"@type":"SearchAction","target":{"@type":"EntryPoint","urlTemplate":"https:\/\/ventsdugrimont.com\/?s={search_term_string}"},"query-input":{"@type":"PropertyValueSpecification","valueRequired":true,"valueName":"search_term_string"}}],"inLanguage":"fr-FR"},{"@type":"Organization","@id":"https:\/\/ventsdugrimont.com\/#organization","name":"Vents du Grimont","url":"https:\/\/ventsdugrimont.com\/","logo":{"@type":"ImageObject","inLanguage":"fr-FR","@id":"https:\/\/ventsdugrimont.com\/#\/schema\/logo\/image\/","url":"http:\/\/ventsdugrimont.com\/wp-content\/uploads\/2022\/06\/vents-grimont.png","contentUrl":"http:\/\/ventsdugrimont.com\/wp-content\/uploads\/2022\/06\/vents-grimont.png","width":143,"height":140,"caption":"Vents du Grimont"},"image":{"@id":"https:\/\/ventsdugrimont.com\/#\/schema\/logo\/image\/"}}]}},"_links":{"self":[{"href":"https:\/\/ventsdugrimont.com\/index.php\/wp-json\/wp\/v2\/pages\/241","targetHints":{"allow":["GET"]}}],"collection":[{"href":"https:\/\/ventsdugrimont.com\/index.php\/wp-json\/wp\/v2\/pages"}],"about":[{"href":"https:\/\/ventsdugrimont.com\/index.php\/wp-json\/wp\/v2\/types\/page"}],"author":[{"embeddable":true,"href":"https:\/\/ventsdugrimont.com\/index.php\/wp-json\/wp\/v2\/users\/1"}],"replies":[{"embeddable":true,"href":"https:\/\/ventsdugrimont.com\/index.php\/wp-json\/wp\/v2\/comments?post=241"}],"version-history":[{"count":18,"href":"https:\/\/ventsdugrimont.com\/index.php\/wp-json\/wp\/v2\/pages\/241\/revisions"}],"predecessor-version":[{"id":1484,"href":"https:\/\/ventsdugrimont.com\/index.php\/wp-json\/wp\/v2\/pages\/241\/revisions\/1484"}],"wp:attachment":[{"href":"https:\/\/ventsdugrimont.com\/index.php\/wp-json\/wp\/v2\/media?parent=241"}],"wp:term":[{"taxonomy":"folder","embeddable":true,"href":"https:\/\/ventsdugrimont.com\/index.php\/wp-json\/wp\/v2\/folder?post=241"}],"curies":[{"name":"wp","href":"https:\/\/api.w.org\/{rel}","templated":true}]}}